{"id":4177,"date":"2021-07-21T11:54:14","date_gmt":"2021-07-21T09:54:14","guid":{"rendered":"http:\/\/sthdev01.soteha.com\/wallbeditalia.it?page_id=4177"},"modified":"2022-06-28T08:49:53","modified_gmt":"2022-06-28T06:49:53","slug":"privacy-policy","status":"publish","type":"page","link":"https:\/\/www.wallbeditalia.it\/en\/privacy-policy","title":{"rendered":"Privacy policy"},"content":{"rendered":"<div>\n<p><strong>INFORMATIVA ai sensi dell\u2019articolo 13 del Regolamento (UE) 2016\/679<\/strong><\/p>\n<p>Con il presente documento (\u201cInformativa\u201d), il Titolare del trattamento, come di seguito definito, desidera informarLa sulle finalit\u00e0 e modalit\u00e0 del trattamento dei Suoi dati personali e sui diritti che il Regolamento (UE) 2016\/679, relativo alla protezione delle persone fisiche con riguardo al trattamento dei dati personali, nonch\u00e9 alla libera circolazione di tali dati (\u201cGDPR\u201d), Le riconosce.<\/p>\n<p>La presente Informativa attiene esclusivamente al trattamento dei dati personali relativi al sito web www.wallbeditalia.it (il \u201cSito\u201d).<\/p>\n<p><strong>1 Chi \u00e8 il Titolare del trattamento<\/strong><br \/>Il titolare del trattamento \u00e8 Arredo in progress Sas (\u201cArredo in progress Sas\u201d o il \u201cTitolare\u201d), con sede in 22060, Carugo (CO), Italia, via B. Croce 3.<\/p>\n<p><strong>2. Quali dati personali trattiamo<\/strong><\/p>\n<p><strong>2.1 Dati personali comuni<\/strong><br \/>A fronte di una Sua specifica richiesta, e per le finalit\u00e0 indicate all\u2019articolo 3 della presente Informativa, il Titolare tratta i seguenti dati personali:<br \/>dati comuni e di contatto, quali il nome, cognome, indirizzo, numero di telefono, indirizzo e-mail ed eventuali ulteriori dati che Lei di volta in volta fornir\u00e0 per il tramite dei form presenti sul Sito.<\/p>\n<p><strong>2.2 Dati di navigazione<\/strong><br \/>I sistemi informatici e i programmi informatici utilizzati per il funzionamento del Sito raccolgono alcuni dati personali la cui trasmissione \u00e8 implicita nell\u2019uso dei protocolli di comunicazione di Internet (es. indirizzi IP o nomi a dominio dei computer utilizzati dagli utenti che si connettono al Sito, gli indirizzi URI \u2013 Uniform Resource Identifier \u2013 delle risorse richieste, orario della richiesta, metodo utilizzato nel sottoporre la richiesta al server, dimensione del file ottenuto in risposta, codice numerico circa lo stato della risposta resa dal server \u2013 buon fine, errore, ecc. \u2013 ed altri parametri relativi al sistema operativo e all\u2019ambiente informatico dell\u2019Utente). Bench\u00e9 si tratti di informazioni che non sono raccolte per essere associate a interessati identificati, per loro natura potrebbero, attraverso elaborazioni ed associazioni con dati detenuti da terzi, consentire di identificare gli interessati.<br \/>Tali dati sono utilizzati al solo fine di ricavare informazioni statistiche anonime sull\u2019uso del Sito e per controllarne il corretto funzionamento e vengono cancellati immediatamente dopo l\u2019elaborazione. I dati potrebbero essere utilizzati per l\u2019accertamento di responsabilit\u00e0 in caso di ipotetici reati informatici ai danni del Sito: salva questa eventualit\u00e0, allo stato i dati sui contatti web non persistono per pi\u00f9 di sette giorni.<\/p>\n<p><strong>2.3 Cookie<\/strong><br \/>In alcuni casi, i dati personali vengono raccolti da Arredo in progress con l\u2019utilizzo di diverse tecnologie, inclusa quella dei \u201ccookie\u201d. I cookie sono piccoli file di testo creati da alcuni siti web ed inviati al browser dell\u2019utente nel momento in cui questi accede al sito. Queste informazioni possono quindi essere memorizzate sul Suo computer tramite un tag che identifica il dispositivo ma non l\u2019utente.<br \/>Alcune pagine del Sito utilizzano i cookie, inviati da Arredo in progress o da terzi, e altre tecnologie in modo da consentire il funzionamento tecnico del Sito stesso, per un uso migliore del Sito e per effettuare attivit\u00e0 di analisi statistica sull\u2019utilizzo del Sito.<br \/>Per maggiori informazioni al riguardo si rinvia alla <a href=\"http:\/\/cookie-policy\" data-wplink-url-error=\"true\">Cookie Policy<\/a><\/p>\n<p><strong>3 Quali sono le finalit\u00e0 e le basi giuridiche del trattamento<\/strong><\/p>\n<p><strong>3.1 Esecuzione del contratto ed adempimento di obblighi di natura legale<\/strong><br \/>I Suoi dati personali saranno trattati dal Titolare per finalit\u00e0 strettamente connesse e strumentali all\u2019esecuzione del contratto che Lei ha sottoscritto con Arredo in progress, nonch\u00e9 per l\u2019adempimento di obblighi previsti da leggi, regolamenti e\/o normative comunitarie, oppure da organi di vigilanza e controllo o da altre autorit\u00e0 a ci\u00f2 legittimate.<br \/>Per il trattamento dei Suoi dati personali per la finalit\u00e0 di cui al presente paragrafo non \u00e8 necessario ottenere un Suo consenso, in quanto la base giuridica del trattamento consiste, ai sensi della normativa vigente, nell\u2019esecuzione di un contratto e nell\u2019adempimento di un obbligo legale.<br \/>I Suoi dati personali saranno trattati per il tempo necessario al perseguimento della finalit\u00e0 indicata e, successivamente, conservati esclusivamente per il periodo di tempo necessario per rispettare le prescrizioni di legge previste.<\/p>\n<p><strong>3.2 Gestione della Sua richiesta<\/strong><br \/>I Suoi dati personali saranno trattati per dare seguito alle richieste da Lei di volta in volta formulate tramite il Sito quali, a titolo esemplificativo e non esaustivo, la richiesta di informazioni tramite il form \u201ccontatti\u201d, la registrazione al Sito.<br \/>La base giuridica del trattamento dei Suoi dati, ai sensi della normativa vigente, \u00e8 costituita dalla soddisfazione di una Sua richiesta. Pertanto, il Titolare non necessita di un Suo consenso per effettuare il trattamento.<br \/>Per la gestione della Sua richiesta i Suoi dati personali saranno trattati per il tempo a ci\u00f2 strettamente necessario e, in ogni caso, non saranno conservati per un periodo superiore a [6] mesi. Tuttavia, nel caso in cui Lei richieda di essere registrato al Sito, i Suoi dati personali saranno conservati fino a che Lei decida di rimanere registrato. Per l\u2019adempimento degli obblighi di natura legale, i Suoi dati personali saranno trattati per il tempo a ci\u00f2 strettamente necessario e successivamente saranno conservati esclusivamente per il periodo di volta in volta richiesto dalla normativa vigente (ivi incluse le previsioni di prescrizione di diritti).<\/p>\n<p><strong>3.3 Marketing<\/strong><br \/>Dietro Sua richiesta, Arredo in progress potr\u00e0 inoltre trattare i Suoi dati personali altres\u00ec per inviarLe comunicazioni di natura commerciale o editoriale tramite la newsletter.<br \/>Per tale trattamento \u00e8 necessario il Suo consenso che costituisce la base giuridica del trattamento ai sensi della normativa vigente.<br \/>I dati raccolti saranno trattati dal Titolare fino alla Sua decisione di revocare il consenso e\/o di ottenere la cessazione del trattamento.<br \/>Anche nel caso in cui Lei ci abbia fornito il Suo consenso, Lei ha in ogni momento il diritto di revocare il consenso e\/o di opporsi alle attivit\u00e0 di marketing diretto contattando il Titolare al seguente indirizzo: info@arredoinprogress.it.<\/p>\n<p><strong>4. Natura del trattamento dei dati personali e conseguenze di un rifiuto<\/strong><br \/>Per la finalit\u00e0 di cui al precedente articolo 3.1 il conferimento dei Suoi dati personali \u00e8 obbligatorio. Pertanto un Suo eventuale rifiuto comporter\u00e0 l\u2019impossibilit\u00e0 per il Titolare di darvi seguito.<br \/>Diversamente, per il perseguimento delle finalit\u00e0 di cui al precedente articolo 3.2., il conferimento dei Suoi dati personali \u00e8 facoltativo. Pertanto, un Suo eventuale rifiuto non comporter\u00e0 l\u2019\u2019impossibilit\u00e0 per Arredo in<br \/>progress di dare seguito alle richieste da Lei formulate, ma esclusivamente di informarLa circa eventuali offerte e\/o nuovi prodotti e\/o iniziative.<\/p>\n<p><strong>5. Modalit\u00e0 per il trattamento dei Suoi dati personali<\/strong><br \/>Il trattamento dei Suoi dati personali avverr\u00e0, nel rispetto delle disposizioni previste dal GDPR, mediante strumenti cartacei, informatici e telematici, per le finalit\u00e0 indicate e, comunque, con modalit\u00e0 idonee a garantirne la sicurezza e la riservatezza in conformit\u00e0 alle disposizioni previste dall\u2019Articolo 32 del GDPR.<\/p>\n<p><strong>6. A quali soggetti potranno essere comunicati i Suoi dati personali e chi pu\u00f2 venirne a conoscenza<\/strong><br \/>Per il perseguimento delle finalit\u00e0 descritte al precedente articolo 3, i Suoi dati personali saranno comunicati ai dipendenti, consulenti esterni e, in genere, al personale di Arredo in progress, che opereranno in qualit\u00e0 di persone autorizzate al trattamento dei dati personali.<br \/>Inoltre, Arredo in progress pu\u00f2 avere la necessit\u00e0 di comunicare i Suoi dati personali a soggetti terzi appartenenti, in particolare alle seguenti categorie:<\/p>\n<ul>\n<li>soggetti che forniscono servizi per la gestione dei sistemi informatici del Titolare;<\/li>\n<li>soggetti che forniscono servizi di assistenza tecnica;<\/li>\n<li>soggetti che forniscono servizi logistici o di trasporto<\/li>\n<li>soggetti che forniscono prestazioni professionali di consulenza ed assistenza fiscale, legale e giudiziale;<\/li>\n<li>autorit\u00e0 ed organi di vigilanza e controllo e, in generale, soggetti, pubblici o privati con funzioni di tipo pubblicistico.<\/li>\n<\/ul>\n<p>I soggetti appartenenti alle categorie sopra riportate opereranno, in alcune ipotesi, quali distinti titolari del trattamento, in altre ipotesi, in qualit\u00e0 di responsabili del trattamento appositamente nominati dal Titolare ai sensi dell\u2019articolo 28 GDPR. In ogni momento potr\u00e0 chiedere la lista dei responsabili del trattamento contattando il Titolare agli indirizzi indicati nel precedente articolo 1.<br \/>I Suoi dati personali non saranno oggetto di diffusione al pubblico.<\/p>\n<p><strong>7. I Suoi diritti quale interessato<\/strong><br \/>In relazione ai trattamenti descritti nella presente Informativa, Lei potr\u00e0 esercitare i diritti elencati nella presente sezione, sanciti dagli Articoli da 15 a 21 del GDPR. In particolare:<\/p>\n<ul>\n<li>diritto di accesso: diritto di ottenere conferma che sia o meno in corso un trattamento di dati personali che La riguardano e, in tal caso, ottenere l\u2019accesso ai Suoi dati personali \u2013 compresa una copia degli stessi \u2013 e la comunicazione, tra le altre, delle seguenti informazioni:\n<ul>\n<li>finalit\u00e0 del trattamento;<\/li>\n<li>categorie di dati personali trattati;<\/li>\n<li>destinatari cui questi sono stati o saranno comunicati;<\/li>\n<li>periodo di conservazione dei dati o i criteri utilizzati;<\/li>\n<li>diritti dell\u2019interessato (rettifica, cancellazione dei dati personali, limitazione del trattamento e diritto di opposizione al trattamento;<\/li>\n<li>diritto di proporre un reclamo;<\/li>\n<li>diritto di ricevere informazioni sulla origine dei miei dati personali qualora essi non siano stati raccolti presso l\u2019interessato;<\/li>\n<li>l\u2019esistenza di un processo decisionale automatizzato, compresa la profilazione;<\/li>\n<\/ul>\n<\/li>\n<li>diritto di rettifica: diritto di ottenere la rettifica dei dati personali inesatti che La riguardano e\/o l\u2019integrazione dei dati personali incompleti;<\/li>\n<li>diritto alla cancellazione (diritto all\u2019oblio): diritto di ottenere la cancellazione dei dati personali che La riguardano, quando:\n<ul>\n<li>i dati non sono pi\u00f9 necessari rispetto alle finalit\u00e0 per cui sono stati raccolti o altrimenti trattati;<\/li>\n<li>Lei ha revocato il Suo consenso e non sussiste alcun altro fondamento giuridico per il trattamento;<\/li>\n<li>Lei si \u00e8 opposto con successo al trattamento dei dati personali;<\/li>\n<li>i dati sono stati trattati illecitamente,<\/li>\n<li>i dati devono essere cancellati per adempiere un obbligo legale;<\/li>\n<li>i dati personali sono stati raccolti relativamente all\u2019offerta di servizi della societ\u00e0 dell\u2019informazione di cui all\u2019articolo 8, paragrafo 1, GDPR.<\/li>\n<\/ul>\n<\/li>\n<\/ul>\n<p>Il diritto alla cancellazione non si applica nella misura in cui il trattamento sia necessario per l\u2019adempimento di un obbligo legale o per l\u2019esecuzione di un compito svolto nel pubblico interesse o per l\u2019accertamento, l\u2019esercizio o la difesa di un diritto in sede giudiziaria;<\/p>\n<ul>\n<li>diritto di limitazione di trattamento: diritto di ottenere la limitazione del trattamento, quando:\n<ul>\n<li>l\u2019interessato contesta l\u2019esattezza dei dati personali;<\/li>\n<li>il trattamento \u00e8 illecito e l\u2019interessato si oppone alla cancellazione dei dati personali e chiede invece che ne sia limitato l\u2019utilizzo;<\/li>\n<li>i dati personali sono necessari all\u2019interessato per l\u2019accertamento, l\u2019esercizio o la difesa di un diritto in sede giudiziaria;<\/li>\n<\/ul>\n<\/li>\n<li>diritto di opposizione: diritto di opporsi al trattamento dei dati personali che La riguardano, salvo che sussistano motivi legittimi per il Titolare di continuare il trattamento;<\/li>\n<li>diritto alla portabilit\u00e0 dei dati: diritto di ricevere, in un formato strutturato, di uso comune e leggibile da un dispositivo automatico, i dati personali che La riguardano forniti al Titolare e il diritto di trasmetterli a un altro titolare senza impedimenti, qualora il trattamento si basi sul consenso e sia effettuato con mezzi automatizzati. Inoltre, il diritto di ottenere che i Suoi dati personali siano trasmessi direttamente da Arredo in progress altro titolare qualora ci\u00f2 sia tecnicamente fattibile;<\/li>\n<li>proporre reclamo all\u2019Autorit\u00e0 Garante per la protezione dei dati personali, Piazza di Montecitorio n. 121, 00186, Roma (RM).<\/li>\n<\/ul>\n<p>I diritti di cui sopra potranno essere esercitati, nei confronti del Titolare, contattando i riferimenti indicati nel precedente punto 1.<\/p>\n<\/div>\n<p><!--more--><br \/>\n<!-- {\"name\":\"Privacy\",\"type\":\"layout\",\"children\":[{\"type\":\"section\",\"props\":{\"style\":\"muted\",\"width\":\"default\",\"vertical_align\":\"middle\",\"title_position\":\"top-left\",\"title_rotation\":\"left\",\"title_breakpoint\":\"xl\",\"image_position\":\"center-center\",\"padding\":\"small\"},\"children\":[{\"type\":\"row\",\"children\":[{\"type\":\"column\",\"props\":{\"image_position\":\"center-center\",\"media_overlay_gradient\":\"\",\"position_sticky_breakpoint\":\"m\"},\"children\":[{\"type\":\"headline\",\"props\":{\"title_element\":\"h1\",\"class\":\"uk-text-uppercase uk-line-red uk-line-red-center\",\"title_style\":\"h2\",\"margin\":\"remove-vertical\",\"text_align\":\"center\"},\"name\":\"Titolo centrato\",\"modified\":\"2021-09-01T12:29:54.551Z\",\"source\":{\"query\":{\"name\":\"pages.singlePage\"},\"props\":{\"content\":{\"filters\":{\"search\":\"\"},\"name\":\"title\"}}}},{\"type\":\"breadcrumbs\",\"props\":{\"show_home\":true,\"show_current\":true,\"margin\":\"default\",\"text_align\":\"center\"},\"name\":\"Breadcrumbs\"}]}]}],\"name\":\"Header\"},{\"type\":\"section\",\"props\":{\"style\":\"default\",\"width\":\"default\",\"vertical_align\":\"middle\",\"title_position\":\"top-left\",\"title_rotation\":\"left\",\"title_breakpoint\":\"xl\",\"image_position\":\"center-center\"},\"children\":[{\"type\":\"row\",\"children\":[{\"type\":\"column\",\"props\":{\"image_position\":\"center-center\",\"media_overlay_gradient\":\"\",\"position_sticky_breakpoint\":\"m\"},\"children\":[{\"type\":\"text\",\"props\":{\"margin\":\"default\",\"column_breakpoint\":\"m\",\"content\":\"\n\n<p><strong>INFORMATIVA ai sensi dell\\u2019articolo 13 del Regolamento (UE) 2016\\\/679<\\\/strong><\\\/p>\\n\n\n<p>Con il presente documento (\\u201cInformativa\\u201d), il Titolare del trattamento, come di seguito definito, desidera informarLa sulle finalit\\u00e0 e modalit\\u00e0 del trattamento dei Suoi dati personali e sui diritti che il Regolamento (UE) 2016\\\/679, relativo alla protezione delle persone fisiche con riguardo al trattamento dei dati personali, nonch\\u00e9 alla libera circolazione di tali dati (\\u201cGDPR\\u201d), Le riconosce.<\\\/p>\\n\n\n<p>La presente Informativa attiene esclusivamente al trattamento dei dati personali relativi al sito web www.wallbeditalia.it (il \\u201cSito\\u201d).<\\\/p>\\n\n\n<p><strong>1 Chi \\u00e8 il Titolare del trattamento<\\\/strong><br \\\/>Il titolare del trattamento \\u00e8 Arredo in progress Sas (\\u201cArredo in progress Sas\\u201d o il \\u201cTitolare\\u201d), con sede in 22060, Carugo (CO), Italia, via B. Croce 3.<\\\/p>\\n\n\n<p><strong>2. Quali dati personali trattiamo<\\\/strong><\\\/p>\\n\n\n<p><strong>2.1 Dati personali comuni<\\\/strong><br \\\/>A fronte di una Sua specifica richiesta, e per le finalit\\u00e0 indicate all\\u2019articolo 3 della presente Informativa, il Titolare tratta i seguenti dati personali:<br \\\/>dati comuni e di contatto, quali il nome, cognome, indirizzo, numero di telefono, indirizzo e-mail ed eventuali ulteriori dati che Lei di volta in volta fornir\\u00e0 per il tramite dei form presenti sul Sito.<\\\/p>\\n\n\n<p><strong>2.2 Dati di navigazione<\\\/strong><br \\\/>I sistemi informatici e i programmi informatici utilizzati per il funzionamento del Sito raccolgono alcuni dati personali la cui trasmissione \\u00e8 implicita nell\\u2019uso dei protocolli di comunicazione di Internet (es. indirizzi IP o nomi a dominio dei computer utilizzati dagli utenti che si connettono al Sito, gli indirizzi URI \\u2013 Uniform Resource Identifier \\u2013 delle risorse richieste, orario della richiesta, metodo utilizzato nel sottoporre la richiesta al server, dimensione del file ottenuto in risposta, codice numerico circa lo stato della risposta resa dal server \\u2013 buon fine, errore, ecc. \\u2013 ed altri parametri relativi al sistema operativo e all\\u2019ambiente informatico dell\\u2019Utente). Bench\\u00e9 si tratti di informazioni che non sono raccolte per essere associate a interessati identificati, per loro natura potrebbero, attraverso elaborazioni ed associazioni con dati detenuti da terzi, consentire di identificare gli interessati.<br \\\/>Tali dati sono utilizzati al solo fine di ricavare informazioni statistiche anonime sull\\u2019uso del Sito e per controllarne il corretto funzionamento e vengono cancellati immediatamente dopo l\\u2019elaborazione. I dati potrebbero essere utilizzati per l\\u2019accertamento di responsabilit\\u00e0 in caso di ipotetici reati informatici ai danni del Sito: salva questa eventualit\\u00e0, allo stato i dati sui contatti web non persistono per pi\\u00f9 di sette giorni.<\\\/p>\\n\n\n<p><strong>2.3 Cookie<\\\/strong><br \\\/>In alcuni casi, i dati personali vengono raccolti da Arredo in progress con l\\u2019utilizzo di diverse tecnologie, inclusa quella dei \\u201ccookie\\u201d. I cookie sono piccoli file di testo creati da alcuni siti web ed inviati al browser dell\\u2019utente nel momento in cui questi accede al sito. Queste informazioni possono quindi essere memorizzate sul Suo computer tramite un tag che identifica il dispositivo ma non l\\u2019utente.<br \\\/>Alcune pagine del Sito utilizzano i cookie, inviati da Arredo in progress o da terzi, e altre tecnologie in modo da consentire il funzionamento tecnico del Sito stesso, per un uso migliore del Sito e per effettuare attivit\\u00e0 di analisi statistica sull\\u2019utilizzo del Sito.<br \\\/>Per maggiori informazioni al riguardo si rinvia alla <a href=\\\"http:\\\/\\\/cookie-policy\\\" data-wplink-url-error=\\\"true\\\">Cookie Policy<\\\/a><\\\/p>\\n\n\n<p><strong>3 Quali sono le finalit\\u00e0 e le basi giuridiche del trattamento<\\\/strong><\\\/p>\\n\n\n<p><strong>3.1 Esecuzione del contratto ed adempimento di obblighi di natura legale<\\\/strong><br \\\/>I Suoi dati personali saranno trattati dal Titolare per finalit\\u00e0 strettamente connesse e strumentali all\\u2019esecuzione del contratto che Lei ha sottoscritto con Arredo in progress, nonch\\u00e9 per l\\u2019adempimento di obblighi previsti da leggi, regolamenti e\\\/o normative comunitarie, oppure da organi di vigilanza e controllo o da altre autorit\\u00e0 a ci\\u00f2 legittimate.<br \\\/>Per il trattamento dei Suoi dati personali per la finalit\\u00e0 di cui al presente paragrafo non \\u00e8 necessario ottenere un Suo consenso, in quanto la base giuridica del trattamento consiste, ai sensi della normativa vigente, nell\\u2019esecuzione di un contratto e nell\\u2019adempimento di un obbligo legale.<br \\\/>I Suoi dati personali saranno trattati per il tempo necessario al perseguimento della finalit\\u00e0 indicata e, successivamente, conservati esclusivamente per il periodo di tempo necessario per rispettare le prescrizioni di legge previste.<\\\/p>\\n\n\n<p><strong>3.2 Gestione della Sua richiesta<\\\/strong><br \\\/>I Suoi dati personali saranno trattati per dare seguito alle richieste da Lei di volta in volta formulate tramite il Sito quali, a titolo esemplificativo e non esaustivo, la richiesta di informazioni tramite il form \\u201ccontatti\\u201d, la registrazione al Sito.<br \\\/>La base giuridica del trattamento dei Suoi dati, ai sensi della normativa vigente, \\u00e8 costituita dalla soddisfazione di una Sua richiesta. Pertanto, il Titolare non necessita di un Suo consenso per effettuare il trattamento.<br \\\/>Per la gestione della Sua richiesta i Suoi dati personali saranno trattati per il tempo a ci\\u00f2 strettamente necessario e, in ogni caso, non saranno conservati per un periodo superiore a [6] mesi. Tuttavia, nel caso in cui Lei richieda di essere registrato al Sito, i Suoi dati personali saranno conservati fino a che Lei decida di rimanere registrato. Per l\\u2019adempimento degli obblighi di natura legale, i Suoi dati personali saranno trattati per il tempo a ci\\u00f2 strettamente necessario e successivamente saranno conservati esclusivamente per il periodo di volta in volta richiesto dalla normativa vigente (ivi incluse le previsioni di prescrizione di diritti).<\\\/p>\\n\n\n<p><strong>3.3 Marketing<\\\/strong><br \\\/>Dietro Sua richiesta, Arredo in progress potr\\u00e0 inoltre trattare i Suoi dati personali altres\\u00ec per inviarLe comunicazioni di natura commerciale o editoriale tramite la newsletter.<br \\\/>Per tale trattamento \\u00e8 necessario il Suo consenso che costituisce la base giuridica del trattamento ai sensi della normativa vigente.<br \\\/>I dati raccolti saranno trattati dal Titolare fino alla Sua decisione di revocare il consenso e\\\/o di ottenere la cessazione del trattamento.<br \\\/>Anche nel caso in cui Lei ci abbia fornito il Suo consenso, Lei ha in ogni momento il diritto di revocare il consenso e\\\/o di opporsi alle attivit\\u00e0 di marketing diretto contattando il Titolare al seguente indirizzo: info@arredoinprogress.it.<\\\/p>\\n\n\n<p><strong>4. Natura del trattamento dei dati personali e conseguenze di un rifiuto<\\\/strong><br \\\/>Per la finalit\\u00e0 di cui al precedente articolo 3.1 il conferimento dei Suoi dati personali \\u00e8 obbligatorio. Pertanto un Suo eventuale rifiuto comporter\\u00e0 l\\u2019impossibilit\\u00e0 per il Titolare di darvi seguito.<br \\\/>Diversamente, per il perseguimento delle finalit\\u00e0 di cui al precedente articolo 3.2., il conferimento dei Suoi dati personali \\u00e8 facoltativo. Pertanto, un Suo eventuale rifiuto non comporter\\u00e0 l\\u2019\\u2019impossibilit\\u00e0 per Arredo in<br \\\/>progress di dare seguito alle richieste da Lei formulate, ma esclusivamente di informarLa circa eventuali offerte e\\\/o nuovi prodotti e\\\/o iniziative.<\\\/p>\\n\n\n<p><strong>5. Modalit\\u00e0 per il trattamento dei Suoi dati personali<\\\/strong><br \\\/>Il trattamento dei Suoi dati personali avverr\\u00e0, nel rispetto delle disposizioni previste dal GDPR, mediante strumenti cartacei, informatici e telematici, per le finalit\\u00e0 indicate e, comunque, con modalit\\u00e0 idonee a garantirne la sicurezza e la riservatezza in conformit\\u00e0 alle disposizioni previste dall\\u2019Articolo 32 del GDPR.<\\\/p>\\n\n\n<p><strong>6. A quali soggetti potranno essere comunicati i Suoi dati personali e chi pu\\u00f2 venirne a conoscenza<\\\/strong><br \\\/>Per il perseguimento delle finalit\\u00e0 descritte al precedente articolo 3, i Suoi dati personali saranno comunicati ai dipendenti, consulenti esterni e, in genere, al personale di Arredo in progress, che opereranno in qualit\\u00e0 di persone autorizzate al trattamento dei dati personali.<br \\\/>Inoltre, Arredo in progress pu\\u00f2 avere la necessit\\u00e0 di comunicare i Suoi dati personali a soggetti terzi appartenenti, in particolare alle seguenti categorie:<\\\/p>\\n\n\n<ul>\\n\n\n<li>soggetti che forniscono servizi per la gestione dei sistemi informatici del Titolare;<\\\/li>\\n\n\n<li>soggetti che forniscono servizi di assistenza tecnica;<\\\/li>\\n\n\n<li>soggetti che forniscono servizi logistici o di trasporto<\\\/li>\\n\n\n<li>soggetti che forniscono prestazioni professionali di consulenza ed assistenza fiscale, legale e giudiziale;<\\\/li>\\n\n\n<li>autorit\\u00e0 ed organi di vigilanza e controllo e, in generale, soggetti, pubblici o privati con funzioni di tipo pubblicistico.<\\\/li>\\n<\\\/ul>\\n\n\n<p>I soggetti appartenenti alle categorie sopra riportate opereranno, in alcune ipotesi, quali distinti titolari del trattamento, in altre ipotesi, in qualit\\u00e0 di responsabili del trattamento appositamente nominati dal Titolare ai sensi dell\\u2019articolo 28 GDPR. In ogni momento potr\\u00e0 chiedere la lista dei responsabili del trattamento contattando il Titolare agli indirizzi indicati nel precedente articolo 1.<br \\\/>I Suoi dati personali non saranno oggetto di diffusione al pubblico.<\\\/p>\\n\n\n<p><strong>7. I Suoi diritti quale interessato<\\\/strong><br \\\/>In relazione ai trattamenti descritti nella presente Informativa, Lei potr\\u00e0 esercitare i diritti elencati nella presente sezione, sanciti dagli Articoli da 15 a 21 del GDPR. In particolare:<\\\/p>\\n\n\n<ul>\\n\n\n<li>diritto di accesso: diritto di ottenere conferma che sia o meno in corso un trattamento di dati personali che La riguardano e, in tal caso, ottenere l\\u2019accesso ai Suoi dati personali \\u2013 compresa una copia degli stessi \\u2013 e la comunicazione, tra le altre, delle seguenti informazioni:\\n\n\n<ul>\\n\n\n<li>finalit\\u00e0 del trattamento;<\\\/li>\\n\n\n<li>categorie di dati personali trattati;<\\\/li>\\n\n\n<li>destinatari cui questi sono stati o saranno comunicati;<\\\/li>\\n\n\n<li>periodo di conservazione dei dati o i criteri utilizzati;<\\\/li>\\n\n\n<li>diritti dell\\u2019interessato (rettifica, cancellazione dei dati personali, limitazione del trattamento e diritto di opposizione al trattamento;<\\\/li>\\n\n\n<li>diritto di proporre un reclamo;<\\\/li>\\n\n\n<li>diritto di ricevere informazioni sulla origine dei miei dati personali qualora essi non siano stati raccolti presso l\\u2019interessato;<\\\/li>\\n\n\n<li>l\\u2019esistenza di un processo decisionale automatizzato, compresa la profilazione;<\\\/li>\\n<\\\/ul>\\n<\\\/li>\\n\n\n<li>diritto di rettifica: diritto di ottenere la rettifica dei dati personali inesatti che La riguardano e\\\/o l\\u2019integrazione dei dati personali incompleti;<\\\/li>\\n\n\n<li>diritto alla cancellazione (diritto all\\u2019oblio): diritto di ottenere la cancellazione dei dati personali che La riguardano, quando:\\n\n\n<ul>\\n\n\n<li>i dati non sono pi\\u00f9 necessari rispetto alle finalit\\u00e0 per cui sono stati raccolti o altrimenti trattati;<\\\/li>\\n\n\n<li>Lei ha revocato il Suo consenso e non sussiste alcun altro fondamento giuridico per il trattamento;<\\\/li>\\n\n\n<li>Lei si \\u00e8 opposto con successo al trattamento dei dati personali;<\\\/li>\\n\n\n<li>i dati sono stati trattati illecitamente,<\\\/li>\\n\n\n<li>i dati devono essere cancellati per adempiere un obbligo legale;<\\\/li>\\n\n\n<li>i dati personali sono stati raccolti relativamente all\\u2019offerta di servizi della societ\\u00e0 dell\\u2019informazione di cui all\\u2019articolo 8, paragrafo 1, GDPR.<\\\/li>\\n<\\\/ul>\\n<\\\/li>\\n<\\\/ul>\\n\n\n<p>Il diritto alla cancellazione non si applica nella misura in cui il trattamento sia necessario per l\\u2019adempimento di un obbligo legale o per l\\u2019esecuzione di un compito svolto nel pubblico interesse o per l\\u2019accertamento, l\\u2019esercizio o la difesa di un diritto in sede giudiziaria;<\\\/p>\\n\n\n<ul>\\n\n\n<li>diritto di limitazione di trattamento: diritto di ottenere la limitazione del trattamento, quando:\\n\n\n<ul>\\n\n\n<li>l\\u2019interessato contesta l\\u2019esattezza dei dati personali;<\\\/li>\\n\n\n<li>il trattamento \\u00e8 illecito e l\\u2019interessato si oppone alla cancellazione dei dati personali e chiede invece che ne sia limitato l\\u2019utilizzo;<\\\/li>\\n\n\n<li>i dati personali sono necessari all\\u2019interessato per l\\u2019accertamento, l\\u2019esercizio o la difesa di un diritto in sede giudiziaria;<\\\/li>\\n<\\\/ul>\\n<\\\/li>\\n\n\n<li>diritto di opposizione: diritto di opporsi al trattamento dei dati personali che La riguardano, salvo che sussistano motivi legittimi per il Titolare di continuare il trattamento;<\\\/li>\\n\n\n<li>diritto alla portabilit\\u00e0 dei dati: diritto di ricevere, in un formato strutturato, di uso comune e leggibile da un dispositivo automatico, i dati personali che La riguardano forniti al Titolare e il diritto di trasmetterli a un altro titolare senza impedimenti, qualora il trattamento si basi sul consenso e sia effettuato con mezzi automatizzati. Inoltre, il diritto di ottenere che i Suoi dati personali siano trasmessi direttamente da Arredo in progress altro titolare qualora ci\\u00f2 sia tecnicamente fattibile;<\\\/li>\\n\n\n<li>proporre reclamo all\\u2019Autorit\\u00e0 Garante per la protezione dei dati personali, Piazza di Montecitorio n. 121, 00186, Roma (RM).<\\\/li>\\n<\\\/ul>\\n\n\n<p>I diritti di cui sopra potranno essere esercitati, nei confronti del Titolare, contattando i riferimenti indicati nel precedente punto 1.<\\\/p>\"},\"name\":\"Testo\"}]}]}],\"name\":\"Contenuto\"}],\"version\":\"2.7.22\"} --><\/p>\n","protected":false},"excerpt":{"rendered":"<p>INFORMATIVA ai sensi dell\u2019articolo 13 del Regolamento (UE) 2016\/679 Con il presente documento (\u201cInformativa\u201d), il Titolare del trattamento, come di seguito definito, desidera informarLa sulle finalit\u00e0 e modalit\u00e0 del trattamento dei Suoi dati personali e sui diritti che il Regolamento (UE) 2016\/679, relativo alla protezione delle persone fisiche con riguardo al trattamento dei dati personali, [&hellip;]<\/p>\n","protected":false},"author":1,"featured_media":0,"parent":0,"menu_order":0,"comment_status":"closed","ping_status":"open","template":"","meta":{"footnotes":""},"class_list":["post-4177","page","type-page","status-publish","hentry"],"acf":[],"yoast_head":"<!-- This site is optimized with the Yoast SEO plugin v22.7 - https:\/\/yoast.com\/wordpress\/plugins\/seo\/ -->\n<title>Privacy policy | WALLBED ITALIA<\/title>\n<meta name=\"robots\" content=\"index, follow, max-snippet:-1, max-image-preview:large, max-video-preview:-1\" \/>\n<link rel=\"canonical\" href=\"https:\/\/www.wallbeditalia.it\/en\/privacy-policy\" \/>\n<meta property=\"og:locale\" content=\"en_US\" \/>\n<meta property=\"og:type\" content=\"article\" \/>\n<meta property=\"og:title\" content=\"Privacy policy | WALLBED ITALIA\" \/>\n<meta property=\"og:description\" content=\"INFORMATIVA ai sensi dell\u2019articolo 13 del Regolamento (UE) 2016\/679 Con il presente documento (\u201cInformativa\u201d), il Titolare del trattamento, come di seguito definito, desidera informarLa sulle finalit\u00e0 e modalit\u00e0 del trattamento dei Suoi dati personali e sui diritti che il Regolamento (UE) 2016\/679, relativo alla protezione delle persone fisiche con riguardo al trattamento dei dati personali, [&hellip;]\" \/>\n<meta property=\"og:url\" content=\"https:\/\/www.wallbeditalia.it\/en\/privacy-policy\" \/>\n<meta property=\"og:site_name\" content=\"WALLBED ITALIA\" \/>\n<meta property=\"article:modified_time\" content=\"2022-06-28T06:49:53+00:00\" \/>\n<meta name=\"twitter:card\" content=\"summary_large_image\" \/>\n<meta name=\"twitter:label1\" content=\"Est. reading time\" \/>\n\t<meta name=\"twitter:data1\" content=\"9 minutes\" \/>\n<script type=\"application\/ld+json\" class=\"yoast-schema-graph\">{\"@context\":\"https:\/\/schema.org\",\"@graph\":[{\"@type\":\"WebPage\",\"@id\":\"https:\/\/www.wallbeditalia.it\/en\/privacy-policy\",\"url\":\"https:\/\/www.wallbeditalia.it\/en\/privacy-policy\",\"name\":\"Privacy policy | WALLBED ITALIA\",\"isPartOf\":{\"@id\":\"https:\/\/www.wallbeditalia.it\/#website\"},\"datePublished\":\"2021-07-21T09:54:14+00:00\",\"dateModified\":\"2022-06-28T06:49:53+00:00\",\"breadcrumb\":{\"@id\":\"https:\/\/www.wallbeditalia.it\/en\/privacy-policy#breadcrumb\"},\"inLanguage\":\"en-US\",\"potentialAction\":[{\"@type\":\"ReadAction\",\"target\":[\"https:\/\/www.wallbeditalia.it\/en\/privacy-policy\"]}]},{\"@type\":\"BreadcrumbList\",\"@id\":\"https:\/\/www.wallbeditalia.it\/en\/privacy-policy#breadcrumb\",\"itemListElement\":[{\"@type\":\"ListItem\",\"position\":1,\"name\":\"Home\",\"item\":\"https:\/\/www.wallbeditalia.it\/en\"},{\"@type\":\"ListItem\",\"position\":2,\"name\":\"Privacy policy\"}]},{\"@type\":\"WebSite\",\"@id\":\"https:\/\/www.wallbeditalia.it\/#website\",\"url\":\"https:\/\/www.wallbeditalia.it\/\",\"name\":\"WALLBED ITALIA\",\"description\":\"evoluzione dello spazio...\",\"publisher\":{\"@id\":\"https:\/\/www.wallbeditalia.it\/#organization\"},\"potentialAction\":[{\"@type\":\"SearchAction\",\"target\":{\"@type\":\"EntryPoint\",\"urlTemplate\":\"https:\/\/www.wallbeditalia.it\/?s={search_term_string}\"},\"query-input\":\"required name=search_term_string\"}],\"inLanguage\":\"en-US\"},{\"@type\":\"Organization\",\"@id\":\"https:\/\/www.wallbeditalia.it\/#organization\",\"name\":\"WALLBED ITALIA\",\"url\":\"https:\/\/www.wallbeditalia.it\/\",\"logo\":{\"@type\":\"ImageObject\",\"inLanguage\":\"en-US\",\"@id\":\"https:\/\/www.wallbeditalia.it\/#\/schema\/logo\/image\/\",\"url\":\"http:\/\/sthdev01.soteha.com\/wallbeditalia.it\/wp-content\/uploads\/logo.png\",\"contentUrl\":\"http:\/\/sthdev01.soteha.com\/wallbeditalia.it\/wp-content\/uploads\/logo.png\",\"width\":245,\"height\":60,\"caption\":\"WALLBED ITALIA\"},\"image\":{\"@id\":\"https:\/\/www.wallbeditalia.it\/#\/schema\/logo\/image\/\"}}]}<\/script>\n<!-- \/ Yoast SEO plugin. -->","yoast_head_json":{"title":"Privacy policy | WALLBED ITALIA","robots":{"index":"index","follow":"follow","max-snippet":"max-snippet:-1","max-image-preview":"max-image-preview:large","max-video-preview":"max-video-preview:-1"},"canonical":"https:\/\/www.wallbeditalia.it\/en\/privacy-policy","og_locale":"en_US","og_type":"article","og_title":"Privacy policy | WALLBED ITALIA","og_description":"INFORMATIVA ai sensi dell\u2019articolo 13 del Regolamento (UE) 2016\/679 Con il presente documento (\u201cInformativa\u201d), il Titolare del trattamento, come di seguito definito, desidera informarLa sulle finalit\u00e0 e modalit\u00e0 del trattamento dei Suoi dati personali e sui diritti che il Regolamento (UE) 2016\/679, relativo alla protezione delle persone fisiche con riguardo al trattamento dei dati personali, [&hellip;]","og_url":"https:\/\/www.wallbeditalia.it\/en\/privacy-policy","og_site_name":"WALLBED ITALIA","article_modified_time":"2022-06-28T06:49:53+00:00","twitter_card":"summary_large_image","twitter_misc":{"Est. reading time":"9 minutes"},"schema":{"@context":"https:\/\/schema.org","@graph":[{"@type":"WebPage","@id":"https:\/\/www.wallbeditalia.it\/en\/privacy-policy","url":"https:\/\/www.wallbeditalia.it\/en\/privacy-policy","name":"Privacy policy | WALLBED ITALIA","isPartOf":{"@id":"https:\/\/www.wallbeditalia.it\/#website"},"datePublished":"2021-07-21T09:54:14+00:00","dateModified":"2022-06-28T06:49:53+00:00","breadcrumb":{"@id":"https:\/\/www.wallbeditalia.it\/en\/privacy-policy#breadcrumb"},"inLanguage":"en-US","potentialAction":[{"@type":"ReadAction","target":["https:\/\/www.wallbeditalia.it\/en\/privacy-policy"]}]},{"@type":"BreadcrumbList","@id":"https:\/\/www.wallbeditalia.it\/en\/privacy-policy#breadcrumb","itemListElement":[{"@type":"ListItem","position":1,"name":"Home","item":"https:\/\/www.wallbeditalia.it\/en"},{"@type":"ListItem","position":2,"name":"Privacy policy"}]},{"@type":"WebSite","@id":"https:\/\/www.wallbeditalia.it\/#website","url":"https:\/\/www.wallbeditalia.it\/","name":"WALLBED ITALIA","description":"evoluzione dello spazio...","publisher":{"@id":"https:\/\/www.wallbeditalia.it\/#organization"},"potentialAction":[{"@type":"SearchAction","target":{"@type":"EntryPoint","urlTemplate":"https:\/\/www.wallbeditalia.it\/?s={search_term_string}"},"query-input":"required name=search_term_string"}],"inLanguage":"en-US"},{"@type":"Organization","@id":"https:\/\/www.wallbeditalia.it\/#organization","name":"WALLBED ITALIA","url":"https:\/\/www.wallbeditalia.it\/","logo":{"@type":"ImageObject","inLanguage":"en-US","@id":"https:\/\/www.wallbeditalia.it\/#\/schema\/logo\/image\/","url":"http:\/\/sthdev01.soteha.com\/wallbeditalia.it\/wp-content\/uploads\/logo.png","contentUrl":"http:\/\/sthdev01.soteha.com\/wallbeditalia.it\/wp-content\/uploads\/logo.png","width":245,"height":60,"caption":"WALLBED ITALIA"},"image":{"@id":"https:\/\/www.wallbeditalia.it\/#\/schema\/logo\/image\/"}}]}},"_links":{"self":[{"href":"https:\/\/www.wallbeditalia.it\/en\/wp-json\/wp\/v2\/pages\/4177","targetHints":{"allow":["GET"]}}],"collection":[{"href":"https:\/\/www.wallbeditalia.it\/en\/wp-json\/wp\/v2\/pages"}],"about":[{"href":"https:\/\/www.wallbeditalia.it\/en\/wp-json\/wp\/v2\/types\/page"}],"author":[{"embeddable":true,"href":"https:\/\/www.wallbeditalia.it\/en\/wp-json\/wp\/v2\/users\/1"}],"replies":[{"embeddable":true,"href":"https:\/\/www.wallbeditalia.it\/en\/wp-json\/wp\/v2\/comments?post=4177"}],"version-history":[{"count":2,"href":"https:\/\/www.wallbeditalia.it\/en\/wp-json\/wp\/v2\/pages\/4177\/revisions"}],"predecessor-version":[{"id":4179,"href":"https:\/\/www.wallbeditalia.it\/en\/wp-json\/wp\/v2\/pages\/4177\/revisions\/4179"}],"wp:attachment":[{"href":"https:\/\/www.wallbeditalia.it\/en\/wp-json\/wp\/v2\/media?parent=4177"}],"curies":[{"name":"wp","href":"https:\/\/api.w.org\/{rel}","templated":true}]}}